{"id":2,"date":"2017-09-25T21:49:15","date_gmt":"2017-09-25T19:49:15","guid":{"rendered":"http:\/\/lechantdespierres.be\/?page_id=2"},"modified":"2018-03-14T18:49:59","modified_gmt":"2018-03-14T17:49:59","slug":"region","status":"publish","type":"page","link":"https:\/\/lechantdespierres.be\/index.php\/region\/","title":{"rendered":"La r\u00e9gion"},"content":{"rendered":"<h2 style=\"text-align: center;\"><em>Gesves :\u00a0\u00ab\u00a0Le pays o\u00f9 l&rsquo;eau fait chanter la pierre\u00a0\u00bb<\/em><\/h2>\n<h2><\/h2>\n<h2 style=\"text-align: left;\">\u00c0\u00a0d\u00e9couvrir dans les environs :<\/h2>\n<h3><strong>Culture<\/strong><\/h3>\n<ul>\n<li>L&rsquo;\u00c9glise de Notre-Dame du Mont Carmel \u00e0 <strong>Strud<\/strong> (Haltinne), 12e si\u00e8cle (1 km)<\/li>\n<li>Le Ch\u00e2te\u00e2au de <strong>Haltinne<\/strong>, 17e si\u00e8cle (1 km) &#8211;\u00a0<a href=\"http:\/\/www.gesves.be\/haltinne\" target=\"_blank\" rel=\"noopener\">www.gesves.be\/haltinne<\/a><\/li>\n<li>L&rsquo;Abbaye Notre-Dame de Grandpr\u00e9 \u00e0 <strong>Faulx-Les-Tombes<\/strong> (5 km) &#8211;\u00a0<a id=\"m_-3693964792785932802LPlnk362480\" class=\"m_-3693964792785932802OWAAutoLink\" href=\"http:\/\/www.abbayedegrandpre.be\/\" target=\"_blank\" rel=\"noopener\" data-saferedirecturl=\"https:\/\/www.google.com\/url?hl=fr&amp;q=http:\/\/www.abbayedegrandpre.be&amp;source=gmail&amp;ust=1517244584258000&amp;usg=AFQjCNFAoSj5LB2wSlW1d1-cE7u7VeKkMg\">www.abbayedegrandpre.be<\/a><\/li>\n<li>Le Mus\u00e9e de la C\u00e9ramique \u00e0 <strong>Andenne<\/strong> (5 km) &#8211;\u00a0<a href=\"http:\/\/www.ceramandenne.be\" target=\"_blank\" rel=\"noopener\">www.ceramandenne.be<\/a><\/li>\n<li>Les villages de <strong>Thon-Samson<\/strong> (8 km), <strong>Mozet<\/strong> (8 km), <strong>Crupet<\/strong> (16 km), &#8230; parmi \u00ab\u00a0Les Plus Beaux Villages de Wallonie\u00a0\u00bb &#8211;\u00a0<a id=\"m_-3693964792785932802LPlnk211587\" class=\"m_-3693964792785932802OWAAutoLink\" href=\"http:\/\/www.beauxvillages.be\/accueil.htm?lng=fr\" target=\"_blank\" rel=\"noopener\" data-saferedirecturl=\"https:\/\/www.google.com\/url?hl=fr&amp;q=http:\/\/www.beauxvillages.be&amp;source=gmail&amp;ust=1517244584258000&amp;usg=AFQjCNHirTDKYOiB32ZJcpy-HnPayvZ4sw\">www.<wbr \/>beauxvillages.be<\/a><\/li>\n<li>La Citadelle de <strong>Namur<\/strong>\u00a0(19 km) &#8211;\u00a0<a href=\"http:\/\/citadelle.namur.be\" target=\"_blank\" rel=\"noopener\">http:\/\/citadelle.namur.be<\/a><\/li>\n<li>Les Jardins d&rsquo;<strong>Annevoie<\/strong> (25 km) &#8211;\u00a0<a id=\"m_-3693964792785932802LPlnk688484\" class=\"m_-3693964792785932802OWAAutoLink\" href=\"http:\/\/www.annevoie.be\/?&amp;lang=nl\" target=\"_blank\" rel=\"noopener\" data-saferedirecturl=\"https:\/\/www.google.com\/url?hl=fr&amp;q=http:\/\/www.annevoie.be&amp;source=gmail&amp;ust=1517244584258000&amp;usg=AFQjCNGK0lJm-BKOczbZTByX7D0iIoIkkg\">www.annevoie.be<\/a><\/li>\n<li>Le Ch\u00e2teau de <strong>Modave<\/strong> (26 km) &#8211;\u00a0<a id=\"m_-3693964792785932802LPlnk584048\" class=\"m_-3693964792785932802OWAAutoLink\" href=\"http:\/\/www.modave-castle.be\/accueil\" target=\"_blank\" rel=\"noopener\" data-saferedirecturl=\"https:\/\/www.google.com\/url?hl=fr&amp;q=http:\/\/www.modave-castle.be&amp;source=gmail&amp;ust=1517244584258000&amp;usg=AFQjCNFpSP2WnTWcad2AoUxiArl6x-gz6Q\">www.modave-castle.<wbr \/>be<\/a><\/li>\n<li>L&rsquo;Abbaye et Moulin Brasserie de <strong>Floreffe<\/strong> (32 km) &#8211;\u00a0<a id=\"m_-3693964792785932802LPlnk904285\" class=\"m_-3693964792785932802OWAAutoLink\" href=\"http:\/\/www.abbaye-de-floreffe.be\/\" target=\"_blank\" rel=\"noopener\" data-saferedirecturl=\"https:\/\/www.google.com\/url?hl=fr&amp;q=http:\/\/www.abbaye-de-floreffe.be\/&amp;source=gmail&amp;ust=1517244584258000&amp;usg=AFQjCNFeno5BG_fY_9-OJKbNCPyQ4w5VSw\">www.abbaye-de-<wbr \/>floreffe.be<\/a><\/li>\n<li>La Citadelle de <strong>Dinant<\/strong> (35 km) &#8211;\u00a0<a id=\"m_-3693964792785932802LPlnk153620\" class=\"m_-3693964792785932802OWAAutoLink\" href=\"https:\/\/www.citadellededinant.be\" target=\"_blank\" rel=\"noopener\" data-saferedirecturl=\"https:\/\/www.google.com\/url?hl=fr&amp;q=http:\/\/www.citadellededinant.be&amp;source=gmail&amp;ust=1517244584258000&amp;usg=AFQjCNE46YvGGiszE8WyP80zK14oJ_0Kdw\">www.citadellededinant.be<\/a><\/li>\n<li>L&rsquo;Abbaye de <strong>Maredsous<\/strong> (36 km) &#8211;\u00a0<a id=\"m_-3693964792785932802LPlnk216945\" class=\"m_-3693964792785932802OWAAutoLink\" href=\"http:\/\/www.maredsous.be\/\" target=\"_blank\" rel=\"noopener\" data-saferedirecturl=\"https:\/\/www.google.com\/url?hl=fr&amp;q=http:\/\/www.maredsous.be\/&amp;source=gmail&amp;ust=1517244584258000&amp;usg=AFQjCNFYomYTaJ4cAPzL7gEYK4BpJENJWw\">www.maredsous.be<\/a><\/li>\n<li><strong>Fala\u00ebn<\/strong>: Les ruines du Ch\u00e2teau fort de Montaigle (36 km) &#8211;\u00a0<a href=\"http:\/\/montaigle.be\" target=\"_blank\" rel=\"noopener\">http:\/\/montaigle.be<\/a><\/li>\n<li>Le Ch\u00e2teau et les Jardins de <strong>Fre\u00ffr<\/strong> (40 km) &#8211;\u00a0<a id=\"m_-3693964792785932802LPlnk24129\" class=\"m_-3693964792785932802OWAAutoLink\" href=\"http:\/\/www.freyr.be\/\" target=\"_blank\" rel=\"noopener\" data-saferedirecturl=\"https:\/\/www.google.com\/url?hl=fr&amp;q=http:\/\/www.freyr.be&amp;source=gmail&amp;ust=1517244584258000&amp;usg=AFQjCNHC1k3-oFxsT_ZN_SbJ4WU4Vd9Bbg\">www.freyr.be<\/a><\/li>\n<\/ul>\n<p><img decoding=\"async\" loading=\"lazy\" class=\"alignnone size-medium wp-image-421\" src=\"http:\/\/lechantdespierres.be\/wp-content\/uploads\/2017\/12\/IMG_5111-300x200.jpg\" alt=\"\" width=\"300\" height=\"200\" srcset=\"https:\/\/lechantdespierres.be\/wp-content\/uploads\/2017\/12\/IMG_5111-300x200.jpg 300w, https:\/\/lechantdespierres.be\/wp-content\/uploads\/2017\/12\/IMG_5111-768x512.jpg 768w, https:\/\/lechantdespierres.be\/wp-content\/uploads\/2017\/12\/IMG_5111-1024x683.jpg 1024w, https:\/\/lechantdespierres.be\/wp-content\/uploads\/2017\/12\/IMG_5111-700x467.jpg 700w, https:\/\/lechantdespierres.be\/wp-content\/uploads\/2017\/12\/IMG_5111-520x347.jpg 520w, https:\/\/lechantdespierres.be\/wp-content\/uploads\/2017\/12\/IMG_5111-360x240.jpg 360w, https:\/\/lechantdespierres.be\/wp-content\/uploads\/2017\/12\/IMG_5111-250x167.jpg 250w, https:\/\/lechantdespierres.be\/wp-content\/uploads\/2017\/12\/IMG_5111-100x67.jpg 100w\" sizes=\"(max-width: 300px) 100vw, 300px\" \/>\u00a0<img decoding=\"async\" loading=\"lazy\" class=\"alignnone size-medium wp-image-419\" src=\"http:\/\/lechantdespierres.be\/wp-content\/uploads\/2017\/12\/IMG_5103-300x200.jpg\" alt=\"\" width=\"300\" height=\"200\" srcset=\"https:\/\/lechantdespierres.be\/wp-content\/uploads\/2017\/12\/IMG_5103-300x200.jpg 300w, https:\/\/lechantdespierres.be\/wp-content\/uploads\/2017\/12\/IMG_5103-768x512.jpg 768w, https:\/\/lechantdespierres.be\/wp-content\/uploads\/2017\/12\/IMG_5103-1024x683.jpg 1024w, https:\/\/lechantdespierres.be\/wp-content\/uploads\/2017\/12\/IMG_5103-700x467.jpg 700w, https:\/\/lechantdespierres.be\/wp-content\/uploads\/2017\/12\/IMG_5103-520x347.jpg 520w, https:\/\/lechantdespierres.be\/wp-content\/uploads\/2017\/12\/IMG_5103-360x240.jpg 360w, https:\/\/lechantdespierres.be\/wp-content\/uploads\/2017\/12\/IMG_5103-250x167.jpg 250w, https:\/\/lechantdespierres.be\/wp-content\/uploads\/2017\/12\/IMG_5103-100x67.jpg 100w\" sizes=\"(max-width: 300px) 100vw, 300px\" \/>\u00a0<img decoding=\"async\" loading=\"lazy\" class=\"alignnone size-medium wp-image-420\" src=\"http:\/\/lechantdespierres.be\/wp-content\/uploads\/2017\/12\/IMG_5108-300x200.jpg\" alt=\"\" width=\"300\" height=\"200\" srcset=\"https:\/\/lechantdespierres.be\/wp-content\/uploads\/2017\/12\/IMG_5108-300x200.jpg 300w, https:\/\/lechantdespierres.be\/wp-content\/uploads\/2017\/12\/IMG_5108-768x512.jpg 768w, https:\/\/lechantdespierres.be\/wp-content\/uploads\/2017\/12\/IMG_5108-1024x683.jpg 1024w, https:\/\/lechantdespierres.be\/wp-content\/uploads\/2017\/12\/IMG_5108-700x467.jpg 700w, https:\/\/lechantdespierres.be\/wp-content\/uploads\/2017\/12\/IMG_5108-520x347.jpg 520w, https:\/\/lechantdespierres.be\/wp-content\/uploads\/2017\/12\/IMG_5108-360x240.jpg 360w, https:\/\/lechantdespierres.be\/wp-content\/uploads\/2017\/12\/IMG_5108-250x167.jpg 250w, https:\/\/lechantdespierres.be\/wp-content\/uploads\/2017\/12\/IMG_5108-100x67.jpg 100w\" sizes=\"(max-width: 300px) 100vw, 300px\" \/><\/p>\n<h4><\/h4>\n<h3><strong>Loisirs et d\u00e9tente<\/strong><\/h3>\n<ul>\n<li>4 Golfs \u00e0 proximit\u00e9 :<br \/>\n&#8211; Golf Club d\u2019Andenne (5 km) \u2013\u00a0<a href=\"http:\/\/www.golfclubandenne.be\/\" target=\"_blank\" rel=\"noopener\">www.golfclubandenne.be<\/a><br \/>\n&#8211; Naxhelet (20 km) &#8211;\u00a0<a href=\"http:\/\/naxhelet.be\" target=\"_blank\" rel=\"noopener\">www.naxhelet.be<\/a><br \/>\n&#8211; Rougemont (20 km) &#8211;\u00a0<a href=\"https:\/\/www.golfderougemont.be\/fr\/\" target=\"_blank\" rel=\"noopener\">www.golfderougemont.be<\/a><br \/>\n&#8211; Five Nations (28 km) &#8211;\u00a0<a href=\"http:\/\/fivenations.golfardennen.com\/fr\" target=\"_blank\" rel=\"noopener\">five-nations.bluegreen.com<\/a><\/li>\n<li>Fala\u00ebn : Les\u00a0Draisines de la Molign\u00e9e \u2013\u00a0<a href=\"http:\/\/www.draisine.be\" target=\"_blank\" rel=\"noopener\">www.draisine.be<\/a><\/li>\n<li>Les Jardins d&rsquo;Annevoie &#8211;\u00a0<a href=\"http:\/\/www.annevoie.be\/?&amp;lang=fr\" target=\"_blank\" rel=\"noopener\">www.annevoie.be<\/a><\/li>\n<li>Dinant Aventure &#8211;\u00a0<a href=\"https:\/\/www.dinant-evasion.be\/fr\/accueil.html?IDC=15\" target=\"_blank\" rel=\"noopener\">www.dinant-evasion.be<\/a><\/li>\n<li>Bateaux Meuse-Ardennes &#8211;\u00a0<a href=\"https:\/\/www.365.be\/fr\/attractions\/recreatif-croisieres-trains-touristiques-namur-bateaux-meuse-ardennes\/\" target=\"_blank\" rel=\"noopener\">www.365.be<\/a><\/li>\n<li>Chemin de Fer du Bocq (train touristique) &#8211;\u00a0<a href=\"http:\/\/www.cfbocq.be\/index.php\/fr\/\" target=\"_blank\" rel=\"noopener\">www.cfbocq.be<\/a><\/li>\n<li>Domaine de Chevetogne &#8211;\u00a0<a href=\"http:\/\/www.domainedechevetogne.be\/\" target=\"_blank\" rel=\"noopener\">www.domainedechevetogne.be<\/a><\/li>\n<li>Domaine des Grottes de Han &#8211;\u00a0<a href=\"http:\/\/www.grotte-de-han.be\/fr\" target=\"_blank\" rel=\"noopener\">www.grotte-de-han.be<\/a><\/li>\n<li>Mus\u00e9e Monopoli &#8211;\u00a0<a href=\"http:\/\/www.musee-monopoli.be\/index.html\" target=\"_blank\" rel=\"noopener\">www.musee-monopoli.be<\/a><\/li>\n<li>Paintball et parcours aventure \u00e0 Namur &#8211; <a href=\"http:\/\/www.landventures.be\" target=\"_blank\" rel=\"noopener\">www.landventures.be<\/a><\/li>\n<\/ul>\n<p><img decoding=\"async\" loading=\"lazy\" class=\"alignnone wp-image-426\" src=\"http:\/\/lechantdespierres.be\/wp-content\/uploads\/2017\/12\/Naxhelet-300x200.jpg\" alt=\"\" width=\"267\" height=\"178\" srcset=\"https:\/\/lechantdespierres.be\/wp-content\/uploads\/2017\/12\/Naxhelet-300x200.jpg 300w, https:\/\/lechantdespierres.be\/wp-content\/uploads\/2017\/12\/Naxhelet-768x513.jpg 768w, https:\/\/lechantdespierres.be\/wp-content\/uploads\/2017\/12\/Naxhelet-1024x684.jpg 1024w, https:\/\/lechantdespierres.be\/wp-content\/uploads\/2017\/12\/Naxhelet-700x468.jpg 700w, https:\/\/lechantdespierres.be\/wp-content\/uploads\/2017\/12\/Naxhelet-520x347.jpg 520w, https:\/\/lechantdespierres.be\/wp-content\/uploads\/2017\/12\/Naxhelet-360x240.jpg 360w, https:\/\/lechantdespierres.be\/wp-content\/uploads\/2017\/12\/Naxhelet-250x167.jpg 250w, https:\/\/lechantdespierres.be\/wp-content\/uploads\/2017\/12\/Naxhelet-100x67.jpg 100w, https:\/\/lechantdespierres.be\/wp-content\/uploads\/2017\/12\/Naxhelet.jpg 1280w\" sizes=\"(max-width: 267px) 100vw, 267px\" \/>\u00a0<img decoding=\"async\" loading=\"lazy\" class=\"alignnone wp-image-435\" src=\"http:\/\/lechantdespierres.be\/wp-content\/uploads\/2017\/12\/Rougemont-300x162.jpg\" alt=\"\" width=\"329\" height=\"178\" srcset=\"https:\/\/lechantdespierres.be\/wp-content\/uploads\/2017\/12\/Rougemont-300x162.jpg 300w, https:\/\/lechantdespierres.be\/wp-content\/uploads\/2017\/12\/Rougemont-768x416.jpg 768w, https:\/\/lechantdespierres.be\/wp-content\/uploads\/2017\/12\/Rougemont-1024x554.jpg 1024w, https:\/\/lechantdespierres.be\/wp-content\/uploads\/2017\/12\/Rougemont-700x379.jpg 700w, https:\/\/lechantdespierres.be\/wp-content\/uploads\/2017\/12\/Rougemont-520x281.jpg 520w, https:\/\/lechantdespierres.be\/wp-content\/uploads\/2017\/12\/Rougemont-360x195.jpg 360w, https:\/\/lechantdespierres.be\/wp-content\/uploads\/2017\/12\/Rougemont-250x135.jpg 250w, https:\/\/lechantdespierres.be\/wp-content\/uploads\/2017\/12\/Rougemont-100x54.jpg 100w, https:\/\/lechantdespierres.be\/wp-content\/uploads\/2017\/12\/Rougemont.jpg 2042w\" sizes=\"(max-width: 329px) 100vw, 329px\" \/> <img decoding=\"async\" loading=\"lazy\" class=\"alignnone wp-image-436\" src=\"http:\/\/lechantdespierres.be\/wp-content\/uploads\/2017\/12\/Draisines-300x199.jpg\" alt=\"\" width=\"268\" height=\"178\" srcset=\"https:\/\/lechantdespierres.be\/wp-content\/uploads\/2017\/12\/Draisines-300x199.jpg 300w, https:\/\/lechantdespierres.be\/wp-content\/uploads\/2017\/12\/Draisines-768x510.jpg 768w, https:\/\/lechantdespierres.be\/wp-content\/uploads\/2017\/12\/Draisines-1024x680.jpg 1024w, https:\/\/lechantdespierres.be\/wp-content\/uploads\/2017\/12\/Draisines-700x465.jpg 700w, https:\/\/lechantdespierres.be\/wp-content\/uploads\/2017\/12\/Draisines-520x345.jpg 520w, https:\/\/lechantdespierres.be\/wp-content\/uploads\/2017\/12\/Draisines-360x239.jpg 360w, https:\/\/lechantdespierres.be\/wp-content\/uploads\/2017\/12\/Draisines-250x166.jpg 250w, https:\/\/lechantdespierres.be\/wp-content\/uploads\/2017\/12\/Draisines-100x66.jpg 100w, https:\/\/lechantdespierres.be\/wp-content\/uploads\/2017\/12\/Draisines.jpg 1600w\" sizes=\"(max-width: 268px) 100vw, 268px\" \/><\/p>\n<h4><\/h4>\n<h3><strong>Balades, nature et d\u00e9couverte<\/strong><\/h3>\n<ul>\n<li>Nombreuses promenades\u00a0\u00e0 la d\u00e9couverte des paysages environnants et balades th\u00e9matiques, \u00e0 pied ou \u00e0 v\u00e9lo, \u00e0 l&rsquo;aide de cartes de randonn\u00e9es disponibles au Point info de Gesves<\/li>\n<li>La \u00ab\u00a0F\u00eate de Mai\u00a0\u00bb \u00e0 Gesves (chaque ann\u00e9e au mois de mai\/l&rsquo;art en plein air) &#8211; <a href=\"http:\/\/www.lafetedemai.org\" target=\"_blank\" rel=\"noopener\">www.lafetedemai.org<\/a><\/li>\n<\/ul>\n<p><img decoding=\"async\" loading=\"lazy\" class=\"alignnone wp-image-427\" src=\"http:\/\/lechantdespierres.be\/wp-content\/uploads\/2017\/12\/annevoie-300x178.jpg\" alt=\"\" width=\"302\" height=\"179\" srcset=\"https:\/\/lechantdespierres.be\/wp-content\/uploads\/2017\/12\/annevoie-300x178.jpg 300w, https:\/\/lechantdespierres.be\/wp-content\/uploads\/2017\/12\/annevoie-360x214.jpg 360w, https:\/\/lechantdespierres.be\/wp-content\/uploads\/2017\/12\/annevoie-250x148.jpg 250w, https:\/\/lechantdespierres.be\/wp-content\/uploads\/2017\/12\/annevoie-100x59.jpg 100w, https:\/\/lechantdespierres.be\/wp-content\/uploads\/2017\/12\/annevoie.jpg 519w\" sizes=\"(max-width: 302px) 100vw, 302px\" \/> <img decoding=\"async\" loading=\"lazy\" class=\"alignnone wp-image-428\" src=\"http:\/\/lechantdespierres.be\/wp-content\/uploads\/2017\/12\/Chevetogne-300x225.jpg\" alt=\"\" width=\"239\" height=\"179\" srcset=\"https:\/\/lechantdespierres.be\/wp-content\/uploads\/2017\/12\/Chevetogne-300x225.jpg 300w, https:\/\/lechantdespierres.be\/wp-content\/uploads\/2017\/12\/Chevetogne-768x576.jpg 768w, https:\/\/lechantdespierres.be\/wp-content\/uploads\/2017\/12\/Chevetogne.jpg 1024w, https:\/\/lechantdespierres.be\/wp-content\/uploads\/2017\/12\/Chevetogne-700x525.jpg 700w, https:\/\/lechantdespierres.be\/wp-content\/uploads\/2017\/12\/Chevetogne-520x390.jpg 520w, https:\/\/lechantdespierres.be\/wp-content\/uploads\/2017\/12\/Chevetogne-360x270.jpg 360w, https:\/\/lechantdespierres.be\/wp-content\/uploads\/2017\/12\/Chevetogne-250x188.jpg 250w, https:\/\/lechantdespierres.be\/wp-content\/uploads\/2017\/12\/Chevetogne-100x75.jpg 100w\" sizes=\"(max-width: 239px) 100vw, 239px\" \/><\/p>\n<h4><\/h4>\n<h3>Les points Info-Tourisme dans les environs :<\/h3>\n<ul>\n<li><strong>Point Info Tourisme Gesves :<\/strong><\/li>\n<\/ul>\n<p>Adresse: Chauss\u00e9e de Gramptinne, 110 &#8211; 5340 Gesves<br \/>\nT\u00e9l: +32 83\/67.02.14 &#8211; <a href=\"http:\/\/www.gesves.be\" target=\"_blank\" rel=\"noopener\">www.gesves.be<\/a><\/p>\n<ul>\n<li><strong>Maison du Tourisme Condroz-Famenne: Vall\u00e9es des Saveurs<\/strong><\/li>\n<\/ul>\n<p>Adresse: Place Monseu, 23 &#8211; 5590 Ciney<br \/>\nT\u00e9l: +32 86\/40.19.22 &#8211; <a href=\"http:\/\/www.valleesdessaveurs.be\" target=\"_blank\" rel=\"noopener\">www.valleesdessaveurs.be<\/a><\/p>\n","protected":false},"excerpt":{"rendered":"<p>Gesves :\u00a0\u00ab\u00a0Le pays o\u00f9 l&rsquo;eau fait chanter la pierre\u00a0\u00bb \u00c0\u00a0d\u00e9couvrir dans les environs : Culture L&rsquo;\u00c9glise de Notre-Dame du Mont Carmel \u00e0 Strud (Haltinne), 12e si\u00e8cle (1 km) Le Ch\u00e2te\u00e2au de Haltinne, 17e si\u00e8cle (1 km) &#8211;\u00a0www.gesves.be\/haltinne L&rsquo;Abbaye Notre-Dame de [&hellip;]<\/p>\n","protected":false},"author":1,"featured_media":0,"parent":0,"menu_order":4,"comment_status":"closed","ping_status":"closed","template":"page-templates\/page_fullwidth.php","meta":[],"yoast_head":"<!-- This site is optimized with the Yoast SEO plugin v20.1 - https:\/\/yoast.com\/wordpress\/plugins\/seo\/ -->\n<title>La r\u00e9gion - Le Chant des Pierres<\/title>\n<meta name=\"robots\" content=\"index, follow, max-snippet:-1, max-image-preview:large, max-video-preview:-1\" \/>\n<link rel=\"canonical\" href=\"https:\/\/lechantdespierres.be\/index.php\/region\/\" \/>\n<meta property=\"og:locale\" content=\"fr_FR\" \/>\n<meta property=\"og:type\" content=\"article\" \/>\n<meta property=\"og:title\" content=\"La r\u00e9gion - Le Chant des Pierres\" \/>\n<meta property=\"og:description\" content=\"Gesves :\u00a0\u00ab\u00a0Le pays o\u00f9 l&rsquo;eau fait chanter la pierre\u00a0\u00bb \u00c0\u00a0d\u00e9couvrir dans les environs : Culture L&rsquo;\u00c9glise de Notre-Dame du Mont Carmel \u00e0 Strud (Haltinne), 12e si\u00e8cle (1 km) Le Ch\u00e2te\u00e2au de Haltinne, 17e si\u00e8cle (1 km) &#8211;\u00a0www.gesves.be\/haltinne L&rsquo;Abbaye Notre-Dame de [&hellip;]\" \/>\n<meta property=\"og:url\" content=\"https:\/\/lechantdespierres.be\/index.php\/region\/\" \/>\n<meta property=\"og:site_name\" content=\"Le Chant des Pierres\" \/>\n<meta property=\"article:modified_time\" content=\"2018-03-14T17:49:59+00:00\" \/>\n<meta property=\"og:image\" content=\"http:\/\/lechantdespierres.be\/wp-content\/uploads\/2017\/12\/IMG_5111-300x200.jpg\" \/>\n<meta name=\"twitter:card\" content=\"summary_large_image\" \/>\n<meta name=\"twitter:label1\" content=\"Dur\u00e9e de lecture estim\u00e9e\" \/>\n\t<meta name=\"twitter:data1\" content=\"2 minutes\" \/>\n<script type=\"application\/ld+json\" class=\"yoast-schema-graph\">{\"@context\":\"https:\/\/schema.org\",\"@graph\":[{\"@type\":\"WebPage\",\"@id\":\"https:\/\/lechantdespierres.be\/index.php\/region\/\",\"url\":\"https:\/\/lechantdespierres.be\/index.php\/region\/\",\"name\":\"La r\u00e9gion - Le Chant des Pierres\",\"isPartOf\":{\"@id\":\"https:\/\/lechantdespierres.be\/#website\"},\"datePublished\":\"2017-09-25T19:49:15+00:00\",\"dateModified\":\"2018-03-14T17:49:59+00:00\",\"breadcrumb\":{\"@id\":\"https:\/\/lechantdespierres.be\/index.php\/region\/#breadcrumb\"},\"inLanguage\":\"fr-FR\",\"potentialAction\":[{\"@type\":\"ReadAction\",\"target\":[\"https:\/\/lechantdespierres.be\/index.php\/region\/\"]}]},{\"@type\":\"BreadcrumbList\",\"@id\":\"https:\/\/lechantdespierres.be\/index.php\/region\/#breadcrumb\",\"itemListElement\":[{\"@type\":\"ListItem\",\"position\":1,\"name\":\"Home\",\"item\":\"http:\/\/lechantdespierres.be\/\"},{\"@type\":\"ListItem\",\"position\":2,\"name\":\"La r\u00e9gion\"}]},{\"@type\":\"WebSite\",\"@id\":\"https:\/\/lechantdespierres.be\/#website\",\"url\":\"https:\/\/lechantdespierres.be\/\",\"name\":\"Le Chant des Pierres\",\"description\":\"G\u00eete 18 pers.\",\"potentialAction\":[{\"@type\":\"SearchAction\",\"target\":{\"@type\":\"EntryPoint\",\"urlTemplate\":\"https:\/\/lechantdespierres.be\/?s={search_term_string}\"},\"query-input\":\"required name=search_term_string\"}],\"inLanguage\":\"fr-FR\"}]}<\/script>\n<!-- \/ Yoast SEO plugin. -->","yoast_head_json":{"title":"La r\u00e9gion - Le Chant des Pierres","robots":{"index":"index","follow":"follow","max-snippet":"max-snippet:-1","max-image-preview":"max-image-preview:large","max-video-preview":"max-video-preview:-1"},"canonical":"https:\/\/lechantdespierres.be\/index.php\/region\/","og_locale":"fr_FR","og_type":"article","og_title":"La r\u00e9gion - Le Chant des Pierres","og_description":"Gesves :\u00a0\u00ab\u00a0Le pays o\u00f9 l&rsquo;eau fait chanter la pierre\u00a0\u00bb \u00c0\u00a0d\u00e9couvrir dans les environs : Culture L&rsquo;\u00c9glise de Notre-Dame du Mont Carmel \u00e0 Strud (Haltinne), 12e si\u00e8cle (1 km) Le Ch\u00e2te\u00e2au de Haltinne, 17e si\u00e8cle (1 km) &#8211;\u00a0www.gesves.be\/haltinne L&rsquo;Abbaye Notre-Dame de [&hellip;]","og_url":"https:\/\/lechantdespierres.be\/index.php\/region\/","og_site_name":"Le Chant des Pierres","article_modified_time":"2018-03-14T17:49:59+00:00","og_image":[{"url":"http:\/\/lechantdespierres.be\/wp-content\/uploads\/2017\/12\/IMG_5111-300x200.jpg"}],"twitter_card":"summary_large_image","twitter_misc":{"Dur\u00e9e de lecture estim\u00e9e":"2 minutes"},"schema":{"@context":"https:\/\/schema.org","@graph":[{"@type":"WebPage","@id":"https:\/\/lechantdespierres.be\/index.php\/region\/","url":"https:\/\/lechantdespierres.be\/index.php\/region\/","name":"La r\u00e9gion - Le Chant des Pierres","isPartOf":{"@id":"https:\/\/lechantdespierres.be\/#website"},"datePublished":"2017-09-25T19:49:15+00:00","dateModified":"2018-03-14T17:49:59+00:00","breadcrumb":{"@id":"https:\/\/lechantdespierres.be\/index.php\/region\/#breadcrumb"},"inLanguage":"fr-FR","potentialAction":[{"@type":"ReadAction","target":["https:\/\/lechantdespierres.be\/index.php\/region\/"]}]},{"@type":"BreadcrumbList","@id":"https:\/\/lechantdespierres.be\/index.php\/region\/#breadcrumb","itemListElement":[{"@type":"ListItem","position":1,"name":"Home","item":"http:\/\/lechantdespierres.be\/"},{"@type":"ListItem","position":2,"name":"La r\u00e9gion"}]},{"@type":"WebSite","@id":"https:\/\/lechantdespierres.be\/#website","url":"https:\/\/lechantdespierres.be\/","name":"Le Chant des Pierres","description":"G\u00eete 18 pers.","potentialAction":[{"@type":"SearchAction","target":{"@type":"EntryPoint","urlTemplate":"https:\/\/lechantdespierres.be\/?s={search_term_string}"},"query-input":"required name=search_term_string"}],"inLanguage":"fr-FR"}]}},"_links":{"self":[{"href":"https:\/\/lechantdespierres.be\/index.php\/wp-json\/wp\/v2\/pages\/2"}],"collection":[{"href":"https:\/\/lechantdespierres.be\/index.php\/wp-json\/wp\/v2\/pages"}],"about":[{"href":"https:\/\/lechantdespierres.be\/index.php\/wp-json\/wp\/v2\/types\/page"}],"author":[{"embeddable":true,"href":"https:\/\/lechantdespierres.be\/index.php\/wp-json\/wp\/v2\/users\/1"}],"replies":[{"embeddable":true,"href":"https:\/\/lechantdespierres.be\/index.php\/wp-json\/wp\/v2\/comments?post=2"}],"version-history":[{"count":51,"href":"https:\/\/lechantdespierres.be\/index.php\/wp-json\/wp\/v2\/pages\/2\/revisions"}],"predecessor-version":[{"id":595,"href":"https:\/\/lechantdespierres.be\/index.php\/wp-json\/wp\/v2\/pages\/2\/revisions\/595"}],"wp:attachment":[{"href":"https:\/\/lechantdespierres.be\/index.php\/wp-json\/wp\/v2\/media?parent=2"}],"curies":[{"name":"wp","href":"https:\/\/api.w.org\/{rel}","templated":true}]}}